{"id":10698,"date":"2017-03-08T00:02:51","date_gmt":"2017-03-07T23:02:51","guid":{"rendered":"https:\/\/beta.optik-sport-shop.at\/?page_id=10698"},"modified":"2026-04-13T20:48:05","modified_gmt":"2026-04-13T18:48:05","slug":"sit-obchodu","status":"publish","type":"page","link":"https:\/\/ddoptics.shop\/cs\/shop-netzwerk\/","title":{"rendered":"Partnerstv\u00ed obchodu v s\u00edti"},"content":{"rendered":"<p>Aktivn\u011b spolupracujeme s partnery v obchodech, abychom na\u0161e poselstv\u00ed \u201cholistick\u00e9ho zdrav\u00ed\u201d zp\u0159\u00edstupnili co nejv\u011bt\u0161\u00edmu po\u010dtu lid\u00ed a z\u00e1rove\u0148 jim umo\u017enili n\u00e1kup obl\u00edben\u00fdch produkt\u016f. Na\u0161\u00edm kone\u010dn\u00fdm c\u00edlem je obnovit a chr\u00e1nit zdrav\u00ed prost\u0159ednictv\u00edm \u017eivota a sp\u00e1nku bez z\u00e1\u0159en\u00ed, dopln\u011bn\u00e9ho hodnotn\u00fdmi a \u00fa\u010dinn\u00fdmi produkty.<\/p>\n<p><strong>Jsme hrd\u00ed na to, \u017ee m\u016f\u017eeme spolupracovat s ka\u017ed\u00fdm z n\u00e1sleduj\u00edc\u00edch partner\u016f prost\u0159ednictv\u00edm jejich internetov\u00fdch obchod\u016f. KLIKN\u011aTE P\u0158EDEM je nutnost\u00ed!<\/strong><\/p>\n\n\t<div id=\"col-62069704\" class=\"col medium-1\/1 large-12\"  data-animate=\"fadeInDown\">\n\t\t\t\t<div class=\"col-inner\"  >\n\t\t\t\n\t\t\t\n<div class=\"container section-title-container\" ><h3 class=\"section-title section-title-bold\"><b aria-hidden=\"true\"><\/b><span class=\"section-title-main\" >Prodejna s\u00fdr\u016f Alpen Sepp<\/span><b aria-hidden=\"true\"><\/b><\/h3><\/div>\n<p><img decoding=\"async\" class=\"alignright wp-image-8067\" src=\"https:\/\/pronatur24.shop\/wp-content\/uploads\/2014\/12\/alpensepp_logo_300.png\" alt=\"Logo Alpen Sepp\" width=\"250\" height=\"103\" title=\"\"><\/p>\n<p>Aktivn\u011b se pod\u00edl\u00edme na rozvoji obchodu v r\u00e1mci projektu zem\u011bd\u011blc\u016f \u201cAlpen Sepp\u201d. Alpen Sepp znamen\u00e1 hodnotn\u00e9 produkty z oblasti Bregenzerwald v rakousk\u00e9m Vorarlbersku. Poprv\u00e9 je mo\u017en\u00e9, aby si koncov\u00fd z\u00e1kazn\u00edk zakoupil nejlep\u0161\u00ed alpsk\u00e9 s\u00fdry p\u0159\u00edmo ze s\u00fdr\u00e1rny alpsk\u00e9 ml\u00e9k\u00e1rny, ve kter\u00e9 p\u016fsob\u00ed v\u00edce ne\u017e 300 ml\u00e9ka\u0159\u016f. \u010cist\u00fd kulin\u00e1\u0159sk\u00fd po\u017eitek je zaru\u010den! Informace o s\u00fdrech jsou samoz\u0159ejm\u011b tak\u00e9 \u201cna palub\u011b\u201d.<\/p>\n<p>N\u011bkte\u0159\u00ed farm\u00e1\u0159i maj\u00ed pr\u00e1zdninov\u00e9 pokoje a nab\u00edzej\u00ed tak \u201cdovolenou na farm\u011b\u201d. Z\u00e1bava se v\u0161emi zv\u00ed\u0159aty na farm\u011b je zaru\u010dena, ale c\u00edlem je tak\u00e9 nahl\u00e9dnout do ka\u017edodenn\u00edho \u017eivota farm\u00e1\u0159e. Na objeven\u00ed \u010dekaj\u00ed tak\u00e9 chutn\u00e9 recepty s alpsk\u00fdm s\u00fdrem od peka\u0159e. Projekt farmy \u201cAlpen Sepp K\u00e4seshop\u201d dopl\u0148uj\u00ed turistick\u00e9 informace z regionu a jedine\u010dn\u00e9 turistick\u00e9 trasy v Bregenzerwaldu.<\/p>\n<p><a title=\"Do prodejny s\u00fdr\u016f Alpen Sepp\" href=\"http:\/\/alpensepp.com\/?partner=d3d9446802a44259755d38e6d163e820\" target=\"_blank\" rel=\"noopener\">\u00bb P\u0159\u00edmo do prodejny s\u00fdr\u016f Alpen Sepp<\/a><\/p>\n\t\n    <div class=\"row\">\n    <div class=\"large-12 col\">\n      <h3 class=\"section-title\"><span>V\u00fdta\u017eek ze s\u00fdra Alpen Sepp<\/span><\/h3>\n    <\/div>\n  <\/div>\n  \n    <div class=\"row large-columns-4 medium-columns-3 small-columns-2 row-small slider row-slider slider-nav-reveal slider-nav-push\"  data-flickity-options='{&quot;imagesLoaded&quot;: true, &quot;groupCells&quot;: &quot;100%&quot;, &quot;dragThreshold&quot; : 5, &quot;cellAlign&quot;: &quot;left&quot;,&quot;wrapAround&quot;: true,&quot;prevNextButtons&quot;: true,&quot;percentPosition&quot;: true,&quot;pageDots&quot;: false, &quot;rightToLeft&quot;: false, &quot;autoPlay&quot; : false}' >\n\n  <\/div>\n\t\t<\/div>\n\t\t\t\t\t<\/div>\n\n\t\n\n\t<div id=\"col-1314945214\" class=\"col medium-1\/1 large-12\"  data-animate=\"fadeInDown\">\n\t\t\t\t<div class=\"col-inner\"  >\n\t\t\t\n\t\t\t\n<div class=\"container section-title-container\" ><h3 class=\"section-title section-title-bold\"><b aria-hidden=\"true\"><\/b><span class=\"section-title-main\" >Sportovn\u00ed obchod s optikou<\/span><b aria-hidden=\"true\"><\/b><\/h3><\/div>\n<p><img decoding=\"async\" class=\"alignright wp-image-13394\" src=\"https:\/\/pronatur24.shop\/wp-content\/uploads\/2015\/01\/optik-sport-shop-logo-300.png\" alt=\"Logo obchodu Optik Sport\" width=\"250\" height=\"58\" title=\"\"><\/p>\n<p>Der Optik-Sport-Shop ist der Profi f\u00fcrs Auge. Nein, kein Optiker!<\/p>\n<p>Optik-Sport-Shop chce lidem vr\u00e1tit pohled na p\u0159\u00edrodu a sv\u011bt zv\u00ed\u0159at. V na\u0161em ka\u017edodenn\u00edm hektick\u00e9m \u017eivot\u011b a\u017e p\u0159\u00edli\u0161 \u010dasto zapom\u00edn\u00e1me, \u017ee abychom mohli \u017e\u00edt sami, mus\u00edme \u017e\u00edt v souladu s p\u0159\u00edrodou. A\u017e p\u0159\u00edli\u0161 \u010dasto se st\u00e1v\u00e1, \u017ee na\u0161e \u017eivotn\u00ed prost\u0159ed\u00ed mus\u00ed n\u00e9st n\u00e1klady na na\u0161e pohodl\u00ed a luxus, mnoho lid\u00ed si tuto z\u00e1vislost a symbi\u00f3zu ji\u017e neuv\u011bdomuje.<\/p>\n<p>Optik-Sport-Shop by v\u00e1m r\u00e1d zprost\u0159edkoval cit pro p\u0159\u00edrodu a zv\u00ed\u0159ata prost\u0159ednictv\u00edm va\u0161eho pohledu a dotkl se tak va\u0161eho srdce. Poznejte kr\u00e1su p\u0159\u00edrody a biodiverzitu sv\u011bta zv\u00ed\u0159at na vlastn\u00ed o\u010di. Znovu se spojte s p\u0159\u00edrodou prost\u0159ednictv\u00edm sv\u00fdch o\u010d\u00ed - neuv\u011b\u0159iteln\u00e9 okam\u017eiky \u010dekaj\u00ed na va\u0161e objeven\u00ed. Optik-Sport-Shop... va\u0161e o\u010di budou d\u011blat O\u010cI.<\/p>\n<p><a title=\"Do obchodu Optik-Sport-Shop\" href=\"http:\/\/ddoptics.shop\/cs\/\" target=\"_blank\" rel=\"noopener\">\u00bb P\u0159\u00edmo do obchodu Optik-Sport-Shop<\/a><\/p>\n\t\t<\/div>\n\t\t\t\t\t<\/div>\n\n\t\n\n\t<div id=\"col-324731492\" class=\"col medium-1\/1 large-12\"  data-animate=\"fadeInDown\">\n\t\t\t\t<div class=\"col-inner\"  >\n\t\t\t\n\t\t\t\n<div class=\"container section-title-container\" ><h3 class=\"section-title section-title-bold\"><b aria-hidden=\"true\"><\/b><span class=\"section-title-main\" >Cvi\u010den\u00ed LebensPuls<\/span><b aria-hidden=\"true\"><\/b><\/h3><\/div>\n<p><img decoding=\"async\" class=\"alignright wp-image-13395\" src=\"https:\/\/pronatur24.shop\/wp-content\/uploads\/2015\/01\/praxis-lebenspuls-logo_300.png\" alt=\"NaturPraxis LebenPuls Logo\" width=\"250\" height=\"109\" title=\"\"><\/p>\n<p>Andrea Mussmannov\u00e1 z praxe LebenPuls by se popsala takto: \u201c<em>Jsem prost\u0159edn\u00edkem pro lidi a zv\u00ed\u0159ata. Zdrav\u00ed dvounoh\u00fdch p\u0159\u00e1tel je pro m\u011b velmi d\u016fle\u017eit\u00e9, ale m\u00e9 srdce bije p\u0159edev\u0161\u00edm pro na\u0161e \u010dty\u0159noh\u00e9 spole\u010dn\u00edky - dom\u00e1c\u00ed mazl\u00ed\u010dky. Sd\u00edlej\u00ed s n\u00e1mi sv\u016fj \u017eivot a jsou d\u016fle\u017eit\u00fdm \u010dlenem rodiny. Pom\u00e1h\u00e1m v\u00e1m porozum\u011bt va\u0161emu dom\u00e1c\u00edmu mazl\u00ed\u010dkovi a udr\u017eet jeho zdrav\u00ed stejn\u011b jako va\u0161e vlastn\u00ed.<\/em>\u201d<\/p>\n<p>Praxe LebensPuls pracuje na energetick\u00e9 \u00farovni s kineziologi\u00ed, Bachov\u00fdmi kv\u011bty, bylinami, aromatick\u00fdmi oleji a l\u00e9\u010div\u00fdmi kameny a nyn\u00ed m\u016f\u017ee p\u0159in\u00e9st p\u016fsobiv\u00e9 v\u00fdsledky. V roce 2014 praxe spustila internetov\u00fd obchod s produkty zdrav\u00e9 p\u00e9\u010de o zv\u00ed\u0159ata a lidi na b\u00e1zi aloe vera. Krom\u011b toho je k dispozici nejen speci\u00e1ln\u00ed krmivo pro psy a ko\u010dky. U zna\u010dky krmiv pro dom\u00e1c\u00ed zv\u00ed\u0159ata defu v\u0161e sed\u00ed do posledn\u00edho detailu. Za\u010d\u00edn\u00e1 to druhov\u011b vhodn\u00fdm chovem hospod\u00e1\u0159sk\u00fdch zv\u00ed\u0159at - \u0159ekn\u011bte HELLO kvalit\u011b demeter pro va\u0161eho dom\u00e1c\u00edho mazl\u00ed\u010dka. Demeter, proto\u017ee bio jednodu\u0161e vypov\u00edd\u00e1 o p\u016fvodu p\u0159\u00edli\u0161 mnoho.<\/p>\n<p><a title=\"Na praxi LebensPuls\" href=\"http:\/\/lebenspuls.com\" target=\"_blank\" rel=\"noopener\">\u00bb P\u0159\u00edmo do ordinace LebensPuls<\/a><\/p>\n\t\n    <div class=\"row\">\n    <div class=\"large-12 col\">\n      <h3 class=\"section-title\"><span>Extrakt z krmiva pro dom\u00e1c\u00ed zv\u00ed\u0159ata z praxe LebensPuls<\/span><\/h3>\n    <\/div>\n  <\/div>\n  \n    <div class=\"row large-columns-4 medium-columns-3 small-columns-2 row-small slider row-slider slider-nav-reveal slider-nav-push\"  data-flickity-options='{&quot;imagesLoaded&quot;: true, &quot;groupCells&quot;: &quot;100%&quot;, &quot;dragThreshold&quot; : 5, &quot;cellAlign&quot;: &quot;left&quot;,&quot;wrapAround&quot;: true,&quot;prevNextButtons&quot;: true,&quot;percentPosition&quot;: true,&quot;pageDots&quot;: false, &quot;rightToLeft&quot;: false, &quot;autoPlay&quot; : false}' >\n\n  <\/div>\n\t\t<\/div>\n\t\t\t\t\t<\/div>\n\n\t\n\n\t<div id=\"col-2089140881\" class=\"col medium-1\/1 large-12\"  data-animate=\"fadeInDown\">\n\t\t\t\t<div class=\"col-inner\"  >\n\t\t\t\n\t\t\t\n<div class=\"container section-title-container\" ><h3 class=\"section-title section-title-bold\"><b aria-hidden=\"true\"><\/b><span class=\"section-title-main\" >1000 v\u00e1z<\/span><b aria-hidden=\"true\"><\/b><\/h3><\/div>\n<p><img decoding=\"async\" class=\"alignright wp-image-13396\" src=\"https:\/\/pronatur24.shop\/wp-content\/uploads\/2015\/01\/1000vasen-logo_300.png\" alt=\"Logo 1000 v\u00e1z\" width=\"250\" height=\"289\" title=\"\"><\/p>\n<p>In Zusammenarbeit mit Elmar Kalb, der Design Manufaktur in Dornbirn (AT), entstand die Idee zur einfachen Raumversch\u00f6nerung in der Wohnung oder im Haus. Der Mensch verbringt viel Zeit in den eigenen 4 W\u00e4nden und wir dachten uns, ein Spiel von Glas und Farbe bringt Form und Leben ins eigene LEBEN.<\/p>\n<p>My\u0161lenka \u201c1000 v\u00e1z\u201d zat\u00edm nem\u00e1 internetov\u00fd obchod, ale showroom v Dornbirnu je opravdovou pastvou pro o\u010di!<\/p>\n<p>1000 v\u00e1z ... prost\u011b kr\u00e1sn\u011bj\u0161\u00ed bydlen\u00ed!<\/p>\n<p><a title=\"P\u0159\u00edmo na 1000Vases\" href=\"http:\/\/1000vasen.com\" target=\"_blank\" rel=\"noopener\">\u00bb P\u0159\u00edmo do 1000 v\u00e1z<\/a><\/p>\n\t\t<\/div>\n\t\t\t\t\t<\/div>\n\n\t\n<p>&nbsp;<\/p>","protected":false},"excerpt":{"rendered":"<p>Wir arbeiten aktiv mit Shop-Partnern zusammen um unsere Botschaft f\u00fcr die &#8220;ganzheitliche Gesundheit&#8221; m\u00f6glichst vielen Menschen zug\u00e4nglich zu machen, begleitend zum Einkauf liebgewonnener Produkte. Gesundheit wiederzufinden und zu sch\u00fctzen durch strahlenfrei wohnen und schlafen, erg\u00e4nzt mit wertvollen und wirksamen Produkten ist unser hohes Ziel. Wir sind stolz mit jedem der nachfolgenden Partner \u00fcber deren Onlineshops [&#8230;]\n","protected":false},"author":3,"featured_media":0,"parent":0,"menu_order":0,"comment_status":"closed","ping_status":"closed","template":"page-left-sidebar.php","meta":{"inline_featured_image":false,"footnotes":""},"class_list":["post-10698","page","type-page","status-publish","hentry"],"_links":{"self":[{"href":"https:\/\/ddoptics.shop\/cs\/wp-json\/wp\/v2\/pages\/10698","targetHints":{"allow":["GET"]}}],"collection":[{"href":"https:\/\/ddoptics.shop\/cs\/wp-json\/wp\/v2\/pages"}],"about":[{"href":"https:\/\/ddoptics.shop\/cs\/wp-json\/wp\/v2\/types\/page"}],"author":[{"embeddable":true,"href":"https:\/\/ddoptics.shop\/cs\/wp-json\/wp\/v2\/users\/3"}],"replies":[{"embeddable":true,"href":"https:\/\/ddoptics.shop\/cs\/wp-json\/wp\/v2\/comments?post=10698"}],"version-history":[{"count":0,"href":"https:\/\/ddoptics.shop\/cs\/wp-json\/wp\/v2\/pages\/10698\/revisions"}],"wp:attachment":[{"href":"https:\/\/ddoptics.shop\/cs\/wp-json\/wp\/v2\/media?parent=10698"}],"curies":[{"name":"wp","href":"https:\/\/api.w.org\/{rel}","templated":true}]}}